{"id":6466,"date":"2014-04-22T15:57:00","date_gmt":"2014-04-22T13:57:00","guid":{"rendered":"http:\/\/www.mg-projects.at\/crossmedia\/?page_id=6466"},"modified":"2017-05-19T14:46:34","modified_gmt":"2017-05-19T12:46:34","slug":"graphic-design","status":"publish","type":"page","link":"https:\/\/www.mg-projects.at\/crossmedia\/graphic-design\/","title":{"rendered":"Graphic Design"},"content":{"rendered":"<div class=\"fusion-fullwidth fullwidth-box fusion-builder-row-1 hundred-percent-fullwidth non-hundred-percent-height-scrolling\" style=\"--awb-border-radius-top-left:0px;--awb-border-radius-top-right:0px;--awb-border-radius-bottom-right:0px;--awb-border-radius-bottom-left:0px;--awb-overflow:visible;--awb-flex-wrap:wrap;\" ><div class=\"fusion-builder-row fusion-row\"><div class=\"fusion-layout-column fusion_builder_column fusion-builder-column-0 fusion_builder_column_1_1 1_1 fusion-one-full fusion-column-first fusion-column-last fusion-column-no-min-height\" style=\"--awb-bg-size:cover;--awb-margin-bottom:0px;\"><div class=\"fusion-column-wrapper fusion-flex-column-wrapper-legacy\"><div class=\"fusion-blog-shortcode fusion-blog-shortcode-1 fusion-blog-archive fusion-blog-layout-grid-wrapper fusion-blog-pagination\"><style type=\"text\/css\">.fusion-blog-shortcode-1 .fusion-blog-layout-grid .fusion-post-grid{padding:20px;}.fusion-blog-shortcode-1 .fusion-posts-container{margin-left: -20px !important; margin-right:-20px !important;}<\/style><div class=\"fusion-posts-container fusion-posts-container-pagination fusion-no-meta-info fusion-blog-rollover fusion-blog-layout-grid fusion-blog-layout-grid-3 isotope\" data-pages=\"1\" data-grid-col-space=\"40\" style=\"margin: -20px -20px 0;min-height:500px;\"><article id=\"blog-1-post-7250\" class=\"fusion-post-grid post-7250 post type-post status-publish format-standard has-post-thumbnail hentry category-graphic-design tag-graphic-design tag-hochzeiten-taufe-co\">\n<div class=\"fusion-post-wrapper\" style=\"background-color:rgba(255,255,255,0);border:1px solid #ebeaea;border-bottom-width:3px;\">\n\n\t\t\t<div class=\"fusion-flexslider flexslider fusion-flexslider-loading fusion-post-slideshow\" style=\"border-color:#ebeaea;\">\n\t\t<ul class=\"slides\">\n\t\t\t\n\t\t\t\t\t\t\t\t\t\t\t\t\t\t<li><div  class=\"fusion-image-wrapper\" aria-haspopup=\"true\">\n\t\t\t\t<img decoding=\"async\" width=\"1280\" height=\"853\" src=\"https:\/\/www.mg-projects.at\/crossmedia\/wp-content\/uploads\/2015\/04\/hochzeitspapeterie-karin-hermann_01.jpg\" class=\"attachment-full size-full wp-post-image\" alt=\"\" srcset=\"https:\/\/www.mg-projects.at\/crossmedia\/wp-content\/uploads\/2015\/04\/hochzeitspapeterie-karin-hermann_01-200x133.jpg 200w, https:\/\/www.mg-projects.at\/crossmedia\/wp-content\/uploads\/2015\/04\/hochzeitspapeterie-karin-hermann_01-400x267.jpg 400w, https:\/\/www.mg-projects.at\/crossmedia\/wp-content\/uploads\/2015\/04\/hochzeitspapeterie-karin-hermann_01-600x400.jpg 600w, https:\/\/www.mg-projects.at\/crossmedia\/wp-content\/uploads\/2015\/04\/hochzeitspapeterie-karin-hermann_01-800x533.jpg 800w, https:\/\/www.mg-projects.at\/crossmedia\/wp-content\/uploads\/2015\/04\/hochzeitspapeterie-karin-hermann_01-1200x800.jpg 1200w, https:\/\/www.mg-projects.at\/crossmedia\/wp-content\/uploads\/2015\/04\/hochzeitspapeterie-karin-hermann_01.jpg 1280w\" sizes=\"(min-width: 2200px) 100vw, (min-width: 696px) 293px, (min-width: 668px) 440px, (min-width: 640px) 668px, \" \/><div class=\"fusion-rollover\">\n\t<div class=\"fusion-rollover-content\">\n\n\t\t\t\t\n\t\t\n\t\t\t\t\t\t\t\t\t\t\t\t<h4 class=\"fusion-rollover-title\">\n\t\t\t\t\t<a class=\"fusion-rollover-title-link\" href=\"https:\/\/www.mg-projects.at\/crossmedia\/graphic-design\/letterpress-hochzeitspapeterie\/\">\n\t\t\t\t\t\tLetterpress Hochzeitspapeterie\t\t\t\t\t<\/a>\n\t\t\t\t<\/h4>\n\t\t\t\n\t\t\t\t\t\t\t\t\t\t<div class=\"fusion-rollover-categories\"><a href=\"https:\/\/www.mg-projects.at\/crossmedia\/category\/graphic-design\/\" rel=\"tag\">Graphic Design<\/a><\/div>\t\t\t\t\t\n\t\t\n\t\t\t\t\t\t<a class=\"fusion-link-wrapper\" href=\"https:\/\/www.mg-projects.at\/crossmedia\/graphic-design\/letterpress-hochzeitspapeterie\/\" aria-label=\"Letterpress Hochzeitspapeterie\"><\/a>\n\t<\/div>\n<\/div>\n<\/div>\n<\/li>\n\t\t\t\n\t\t\t\n\t\t\t\t\t\t\t\t\t\t\t\t\t\t\t\t\t\t\t\t\t\t\t\t\t\t\t\t\t\t\t\t\t\t\t\t\t\t\t\t\t\t\t\t\t\t\t\t\t\t\t\t\t\t\t\t\t\t\t\t\t\t\t\t\t\t\t\t<\/ul>\n\t<\/div>\n\t<div class=\"fusion-post-content-wrapper\" style=\"padding:30px 25px 20px 25px;\"><div class=\"fusion-post-content post-content\"><h2 class=\"blog-shortcode-post-title entry-title\"><a href=\"https:\/\/www.mg-projects.at\/crossmedia\/graphic-design\/letterpress-hochzeitspapeterie\/\">Letterpress Hochzeitspapeterie<\/a><\/h2><div class=\"fusion-post-content-container\"><p><\/p><p>Karin und Hermann sind langj\u00e4hrige Freunde von mir und beinahe f\u00fcr eine genauso lange Zeit ein Paar. Auch die Zeitspanne, die beide meine Arbeitskollegen sind und wenig sp\u00e4ter zu meinen Arbeitgebern wurden, ist in etwa<a href=\"https:\/\/www.mg-projects.at\/crossmedia\/graphic-design\/letterpress-hochzeitspapeterie\/\"> [...]<\/a><\/p><\/div><\/div><\/div><div class=\"fusion-clearfix\"><\/div><\/div>\n<\/article>\n<article id=\"blog-1-post-1861\" class=\"fusion-post-grid post-1861 post type-post status-publish format-quote hentry category-allgemein category-fotografie category-graphic-design category-samples category-video post_format-post-format-quote\">\n<div class=\"fusion-post-wrapper\" style=\"background-color:rgba(255,255,255,0);border:1px solid #ebeaea;border-bottom-width:3px;\">\n\n<div class=\"fusion-post-content-wrapper\" style=\"padding:30px 25px 20px 25px;\"><div class=\"fusion-post-content post-content\"><h2 class=\"blog-shortcode-post-title entry-title\"><a href=\"https:\/\/www.mg-projects.at\/crossmedia\/allgemein\/do-what-you-love\/\">Do what you love.<\/a><\/h2><div class=\"fusion-post-content-container\"><p><\/p><\/div><\/div><\/div><div class=\"fusion-clearfix\"><\/div><\/div>\n<\/article>\n<article id=\"blog-1-post-7225\" class=\"fusion-post-grid post-7225 post type-post status-publish format-standard has-post-thumbnail hentry category-graphic-design tag-corporate-design tag-graphic-design tag-logo\">\n<div class=\"fusion-post-wrapper\" style=\"background-color:rgba(255,255,255,0);border:1px solid #ebeaea;border-bottom-width:3px;\">\n\n\t\t\t<div class=\"fusion-flexslider flexslider fusion-flexslider-loading fusion-post-slideshow\" style=\"border-color:#ebeaea;\">\n\t\t<ul class=\"slides\">\n\t\t\t\n\t\t\t\t\t\t\t\t\t\t\t\t\t\t<li><div  class=\"fusion-image-wrapper\" aria-haspopup=\"true\">\n\t\t\t\t<img decoding=\"async\" width=\"1280\" height=\"1280\" src=\"https:\/\/www.mg-projects.at\/crossmedia\/wp-content\/uploads\/2015\/03\/Logo_Showcase_2014-BLOC-HOUSE.jpg\" class=\"attachment-full size-full wp-post-image\" alt=\"\" srcset=\"https:\/\/www.mg-projects.at\/crossmedia\/wp-content\/uploads\/2015\/03\/Logo_Showcase_2014-BLOC-HOUSE-200x200.jpg 200w, https:\/\/www.mg-projects.at\/crossmedia\/wp-content\/uploads\/2015\/03\/Logo_Showcase_2014-BLOC-HOUSE-400x400.jpg 400w, https:\/\/www.mg-projects.at\/crossmedia\/wp-content\/uploads\/2015\/03\/Logo_Showcase_2014-BLOC-HOUSE-600x600.jpg 600w, https:\/\/www.mg-projects.at\/crossmedia\/wp-content\/uploads\/2015\/03\/Logo_Showcase_2014-BLOC-HOUSE-800x800.jpg 800w, https:\/\/www.mg-projects.at\/crossmedia\/wp-content\/uploads\/2015\/03\/Logo_Showcase_2014-BLOC-HOUSE-1200x1200.jpg 1200w, https:\/\/www.mg-projects.at\/crossmedia\/wp-content\/uploads\/2015\/03\/Logo_Showcase_2014-BLOC-HOUSE.jpg 1280w\" sizes=\"(min-width: 2200px) 100vw, (min-width: 696px) 293px, (min-width: 668px) 440px, (min-width: 640px) 668px, \" \/><div class=\"fusion-rollover\">\n\t<div class=\"fusion-rollover-content\">\n\n\t\t\t\t\n\t\t\n\t\t\t\t\t\t\t\t\t\t\t\t<h4 class=\"fusion-rollover-title\">\n\t\t\t\t\t<a class=\"fusion-rollover-title-link\" href=\"https:\/\/www.mg-projects.at\/crossmedia\/graphic-design\/logo-design-bloc-house-graz\/\">\n\t\t\t\t\t\tBloc-House Graz\t\t\t\t\t<\/a>\n\t\t\t\t<\/h4>\n\t\t\t\n\t\t\t\t\t\t\t\t\t\t<div class=\"fusion-rollover-categories\"><a href=\"https:\/\/www.mg-projects.at\/crossmedia\/category\/graphic-design\/\" rel=\"tag\">Graphic Design<\/a><\/div>\t\t\t\t\t\n\t\t\n\t\t\t\t\t\t<a class=\"fusion-link-wrapper\" href=\"https:\/\/www.mg-projects.at\/crossmedia\/graphic-design\/logo-design-bloc-house-graz\/\" aria-label=\"Bloc-House Graz\"><\/a>\n\t<\/div>\n<\/div>\n<\/div>\n<\/li>\n\t\t\t\n\t\t\t\n\t\t\t\t\t\t\t\t\t\t\t\t\t\t\t\t\t\t\t\t\t\t\t\t\t\t\t\t\t\t\t\t\t\t\t\t\t\t\t\t\t\t\t\t\t\t\t\t\t\t\t\t\t\t\t\t\t\t\t\t\t\t\t\t\t\t\t\t<\/ul>\n\t<\/div>\n\t<div class=\"fusion-post-content-wrapper\" style=\"padding:30px 25px 20px 25px;\"><div class=\"fusion-post-content post-content\"><h2 class=\"blog-shortcode-post-title entry-title\"><a href=\"https:\/\/www.mg-projects.at\/crossmedia\/graphic-design\/logo-design-bloc-house-graz\/\">Bloc-House Graz<\/a><\/h2><div class=\"fusion-post-content-container\"><p><\/p><p>     Gleich vorweg: Nicht jeder Entwurf findet gefallen; es kommt vor, dass man die Vorstellungen des Auftraggebers nicht trifft. So auch in diesem Fall. Mein Logo Design f\u00fcr eine gro\u00dfe Kletterhalle<a href=\"https:\/\/www.mg-projects.at\/crossmedia\/graphic-design\/logo-design-bloc-house-graz\/\"> [...]<\/a><\/p><\/div><\/div><\/div><div class=\"fusion-clearfix\"><\/div><\/div>\n<\/article>\n<article id=\"blog-1-post-7194\" class=\"fusion-post-grid post-7194 post type-post status-publish format-standard has-post-thumbnail hentry category-graphic-design tag-corporate-design tag-logo\">\n<div class=\"fusion-post-wrapper\" style=\"background-color:rgba(255,255,255,0);border:1px solid #ebeaea;border-bottom-width:3px;\">\n\n\t\t\t<div class=\"fusion-flexslider flexslider fusion-flexslider-loading fusion-post-slideshow\" style=\"border-color:#ebeaea;\">\n\t\t<ul class=\"slides\">\n\t\t\t\n\t\t\t\t\t\t\t\t\t\t\t\t\t\t<li><div  class=\"fusion-image-wrapper\" aria-haspopup=\"true\">\n\t\t\t\t<img decoding=\"async\" width=\"1280\" height=\"1280\" src=\"https:\/\/www.mg-projects.at\/crossmedia\/wp-content\/uploads\/2015\/01\/Logo_Showcase_2013-HGP9.jpg\" class=\"attachment-full size-full wp-post-image\" alt=\"\" srcset=\"https:\/\/www.mg-projects.at\/crossmedia\/wp-content\/uploads\/2015\/01\/Logo_Showcase_2013-HGP9-200x200.jpg 200w, https:\/\/www.mg-projects.at\/crossmedia\/wp-content\/uploads\/2015\/01\/Logo_Showcase_2013-HGP9-400x400.jpg 400w, https:\/\/www.mg-projects.at\/crossmedia\/wp-content\/uploads\/2015\/01\/Logo_Showcase_2013-HGP9-600x600.jpg 600w, https:\/\/www.mg-projects.at\/crossmedia\/wp-content\/uploads\/2015\/01\/Logo_Showcase_2013-HGP9-800x800.jpg 800w, https:\/\/www.mg-projects.at\/crossmedia\/wp-content\/uploads\/2015\/01\/Logo_Showcase_2013-HGP9-1200x1200.jpg 1200w, https:\/\/www.mg-projects.at\/crossmedia\/wp-content\/uploads\/2015\/01\/Logo_Showcase_2013-HGP9.jpg 1280w\" sizes=\"(min-width: 2200px) 100vw, (min-width: 696px) 293px, (min-width: 668px) 440px, (min-width: 640px) 668px, \" \/><div class=\"fusion-rollover\">\n\t<div class=\"fusion-rollover-content\">\n\n\t\t\t\t\n\t\t\n\t\t\t\t\t\t\t\t\t\t\t\t<h4 class=\"fusion-rollover-title\">\n\t\t\t\t\t<a class=\"fusion-rollover-title-link\" href=\"https:\/\/www.mg-projects.at\/crossmedia\/graphic-design\/hans-gasser-platz-neun\/\">\n\t\t\t\t\t\tHans-Gasser-Platz neu(n)\t\t\t\t\t<\/a>\n\t\t\t\t<\/h4>\n\t\t\t\n\t\t\t\t\t\t\t\t\t\t<div class=\"fusion-rollover-categories\"><a href=\"https:\/\/www.mg-projects.at\/crossmedia\/category\/graphic-design\/\" rel=\"tag\">Graphic Design<\/a><\/div>\t\t\t\t\t\n\t\t\n\t\t\t\t\t\t<a class=\"fusion-link-wrapper\" href=\"https:\/\/www.mg-projects.at\/crossmedia\/graphic-design\/hans-gasser-platz-neun\/\" aria-label=\"Hans-Gasser-Platz neu(n)\"><\/a>\n\t<\/div>\n<\/div>\n<\/div>\n<\/li>\n\t\t\t\n\t\t\t\n\t\t\t\t\t\t\t\t\t\t\t\t\t\t\t\t\t\t\t\t\t\t\t\t\t\t\t\t\t\t\t\t\t\t\t\t\t\t\t\t\t\t\t\t\t\t\t\t\t\t\t\t\t\t\t\t\t\t\t\t\t\t\t\t\t\t\t\t<\/ul>\n\t<\/div>\n\t<div class=\"fusion-post-content-wrapper\" style=\"padding:30px 25px 20px 25px;\"><div class=\"fusion-post-content post-content\"><h2 class=\"blog-shortcode-post-title entry-title\"><a href=\"https:\/\/www.mg-projects.at\/crossmedia\/graphic-design\/hans-gasser-platz-neun\/\">Hans-Gasser-Platz neu(n)<\/a><\/h2><div class=\"fusion-post-content-container\"><p><\/p><p>     Im Sommer 2013 wurden die Trecolore Architects mit der Planung f\u00fcr das Projekt \u201cHans-Gasser-Platz neu(n)\u201d beauftragt. Im Rahmen der Trecolore Marketing Services durfte ich eine Wort-Bild-Marke (Logo) f\u00fcr die Projektentwicklungsgesellschaft<a href=\"https:\/\/www.mg-projects.at\/crossmedia\/graphic-design\/hans-gasser-platz-neun\/\"> [...]<\/a><\/p><\/div><\/div><\/div><div class=\"fusion-clearfix\"><\/div><\/div>\n<\/article>\n<article id=\"blog-1-post-7104\" class=\"fusion-post-grid post-7104 post type-post status-publish format-standard has-post-thumbnail hentry category-fotografie category-graphic-design tag-editorial-design tag-fotobuch tag-hochzeiten-taufe-co\">\n<div class=\"fusion-post-wrapper\" style=\"background-color:rgba(255,255,255,0);border:1px solid #ebeaea;border-bottom-width:3px;\">\n\n\t\t\t<div class=\"fusion-flexslider flexslider fusion-flexslider-loading fusion-post-slideshow\" style=\"border-color:#ebeaea;\">\n\t\t<ul class=\"slides\">\n\t\t\t\n\t\t\t\t\t\t\t\t\t\t\t\t\t\t<li><div  class=\"fusion-image-wrapper\" aria-haspopup=\"true\">\n\t\t\t\t<img decoding=\"async\" width=\"1280\" height=\"853\" src=\"https:\/\/www.mg-projects.at\/crossmedia\/wp-content\/uploads\/2014\/08\/fotobuch-design_001.jpg\" class=\"attachment-full size-full wp-post-image\" alt=\"\" srcset=\"https:\/\/www.mg-projects.at\/crossmedia\/wp-content\/uploads\/2014\/08\/fotobuch-design_001-200x133.jpg 200w, https:\/\/www.mg-projects.at\/crossmedia\/wp-content\/uploads\/2014\/08\/fotobuch-design_001-400x267.jpg 400w, https:\/\/www.mg-projects.at\/crossmedia\/wp-content\/uploads\/2014\/08\/fotobuch-design_001-600x400.jpg 600w, https:\/\/www.mg-projects.at\/crossmedia\/wp-content\/uploads\/2014\/08\/fotobuch-design_001-800x533.jpg 800w, https:\/\/www.mg-projects.at\/crossmedia\/wp-content\/uploads\/2014\/08\/fotobuch-design_001-1200x800.jpg 1200w, https:\/\/www.mg-projects.at\/crossmedia\/wp-content\/uploads\/2014\/08\/fotobuch-design_001.jpg 1280w\" sizes=\"(min-width: 2200px) 100vw, (min-width: 696px) 293px, (min-width: 668px) 440px, (min-width: 640px) 668px, \" \/><div class=\"fusion-rollover\">\n\t<div class=\"fusion-rollover-content\">\n\n\t\t\t\t\n\t\t\n\t\t\t\t\t\t\t\t\t\t\t\t<h4 class=\"fusion-rollover-title\">\n\t\t\t\t\t<a class=\"fusion-rollover-title-link\" href=\"https:\/\/www.mg-projects.at\/crossmedia\/fotografie\/fotobuch-design\/\">\n\t\t\t\t\t\tFotos: Gedruckt immer noch am sch\u00f6nsten.\t\t\t\t\t<\/a>\n\t\t\t\t<\/h4>\n\t\t\t\n\t\t\t\t\t\t\t\t\t\t<div class=\"fusion-rollover-categories\"><a href=\"https:\/\/www.mg-projects.at\/crossmedia\/category\/fotografie\/\" rel=\"tag\">Fotografie<\/a>, <a href=\"https:\/\/www.mg-projects.at\/crossmedia\/category\/graphic-design\/\" rel=\"tag\">Graphic Design<\/a><\/div>\t\t\t\t\t\n\t\t\n\t\t\t\t\t\t<a class=\"fusion-link-wrapper\" href=\"https:\/\/www.mg-projects.at\/crossmedia\/fotografie\/fotobuch-design\/\" aria-label=\"Fotos: Gedruckt immer noch am sch\u00f6nsten.\"><\/a>\n\t<\/div>\n<\/div>\n<\/div>\n<\/li>\n\t\t\t\n\t\t\t\n\t\t\t\t\t\t\t\t\t\t\t\t\t\t\t\t\t\t\t\t\t\t\t\t\t\t\t\t\t\t\t\t\t\t\t\t\t\t\t\t\t\t\t\t\t\t\t\t\t\t\t\t\t\t\t\t\t\t\t\t\t\t\t\t\t\t\t\t<\/ul>\n\t<\/div>\n\t<div class=\"fusion-post-content-wrapper\" style=\"padding:30px 25px 20px 25px;\"><div class=\"fusion-post-content post-content\"><h2 class=\"blog-shortcode-post-title entry-title\"><a href=\"https:\/\/www.mg-projects.at\/crossmedia\/fotografie\/fotobuch-design\/\">Fotos: Gedruckt immer noch am sch\u00f6nsten.<\/a><\/h2><div class=\"fusion-post-content-container\"><p><\/p><p>Digitales Zeitalter hin oder her \u2013 was Fotos betrifft, sind sie gedruckt immer noch am sch\u00f6nsten. Meine Fotostrecken pr\u00e4sentiere ich am liebsten mit hochwertig produzierten Fotob\u00fcchern; wobei ch schon etliche Anbieter getestet habe und sich<a href=\"https:\/\/www.mg-projects.at\/crossmedia\/fotografie\/fotobuch-design\/\"> [...]<\/a><\/p><\/div><\/div><\/div><div class=\"fusion-clearfix\"><\/div><\/div>\n<\/article>\n<article id=\"blog-1-post-6933\" class=\"fusion-post-grid post-6933 post type-post status-publish format-standard has-post-thumbnail hentry category-graphic-design tag-editorial-design\">\n<div class=\"fusion-post-wrapper\" style=\"background-color:rgba(255,255,255,0);border:1px solid #ebeaea;border-bottom-width:3px;\">\n\n\t\t\t<div class=\"fusion-flexslider flexslider fusion-flexslider-loading fusion-post-slideshow\" style=\"border-color:#ebeaea;\">\n\t\t<ul class=\"slides\">\n\t\t\t\n\t\t\t\t\t\t\t\t\t\t\t\t\t\t<li><div  class=\"fusion-image-wrapper\" aria-haspopup=\"true\">\n\t\t\t\t<img decoding=\"async\" width=\"850\" height=\"1202\" src=\"https:\/\/www.mg-projects.at\/crossmedia\/wp-content\/uploads\/2014\/05\/rony-hanser-01.jpg\" class=\"attachment-full size-full wp-post-image\" alt=\"\" srcset=\"https:\/\/www.mg-projects.at\/crossmedia\/wp-content\/uploads\/2014\/05\/rony-hanser-01-200x283.jpg 200w, https:\/\/www.mg-projects.at\/crossmedia\/wp-content\/uploads\/2014\/05\/rony-hanser-01-400x566.jpg 400w, https:\/\/www.mg-projects.at\/crossmedia\/wp-content\/uploads\/2014\/05\/rony-hanser-01-600x848.jpg 600w, https:\/\/www.mg-projects.at\/crossmedia\/wp-content\/uploads\/2014\/05\/rony-hanser-01.jpg 850w\" sizes=\"(min-width: 2200px) 100vw, (min-width: 696px) 293px, (min-width: 668px) 440px, (min-width: 640px) 668px, \" \/><div class=\"fusion-rollover\">\n\t<div class=\"fusion-rollover-content\">\n\n\t\t\t\t\n\t\t\n\t\t\t\t\t\t\t\t\t\t\t\t<h4 class=\"fusion-rollover-title\">\n\t\t\t\t\t<a class=\"fusion-rollover-title-link\" href=\"https:\/\/www.mg-projects.at\/crossmedia\/graphic-design\/rony-hanser-metallskulpturen\/\">\n\t\t\t\t\t\tRony Hanser Metallskulpturen\t\t\t\t\t<\/a>\n\t\t\t\t<\/h4>\n\t\t\t\n\t\t\t\t\t\t\t\t\t\t<div class=\"fusion-rollover-categories\"><a href=\"https:\/\/www.mg-projects.at\/crossmedia\/category\/graphic-design\/\" rel=\"tag\">Graphic Design<\/a><\/div>\t\t\t\t\t\n\t\t\n\t\t\t\t\t\t<a class=\"fusion-link-wrapper\" href=\"https:\/\/www.mg-projects.at\/crossmedia\/graphic-design\/rony-hanser-metallskulpturen\/\" aria-label=\"Rony Hanser Metallskulpturen\"><\/a>\n\t<\/div>\n<\/div>\n<\/div>\n<\/li>\n\t\t\t\n\t\t\t\n\t\t\t\t\t\t\t\t\t\t\t\t\t\t\t\t\t\t\t\t\t\t\t\t\t\t\t\t\t\t\t\t\t\t\t\t\t\t\t\t\t\t\t\t\t\t\t\t\t\t\t\t\t\t\t\t\t\t\t\t\t\t\t\t\t\t\t\t<\/ul>\n\t<\/div>\n\t<div class=\"fusion-post-content-wrapper\" style=\"padding:30px 25px 20px 25px;\"><div class=\"fusion-post-content post-content\"><h2 class=\"blog-shortcode-post-title entry-title\"><a href=\"https:\/\/www.mg-projects.at\/crossmedia\/graphic-design\/rony-hanser-metallskulpturen\/\">Rony Hanser Metallskulpturen<\/a><\/h2><div class=\"fusion-post-content-container\"><p>Rony Hanser ist von Beruf Schwei\u00dfer. Eine Berufsgruppe, die f\u00fcr harte, schwere Arbeit steht und die man im ersten Augenblick nicht mit bildender Kunst in Verbindung bringt. Rony Hanser kann das eindrucksvoll widerlegen. Von berufs<a href=\"https:\/\/www.mg-projects.at\/crossmedia\/graphic-design\/rony-hanser-metallskulpturen\/\"> [...]<\/a><\/p><\/div><\/div><\/div><div class=\"fusion-clearfix\"><\/div><\/div>\n<\/article>\n<article id=\"blog-1-post-6786\" class=\"fusion-post-grid post-6786 post type-post status-publish format-standard has-post-thumbnail hentry category-graphic-design category-web-design tag-corporate-design tag-editorial-design tag-logo tag-website\">\n<div class=\"fusion-post-wrapper\" style=\"background-color:rgba(255,255,255,0);border:1px solid #ebeaea;border-bottom-width:3px;\">\n\n\t\t\t<div class=\"fusion-flexslider flexslider fusion-flexslider-loading fusion-post-slideshow\" style=\"border-color:#ebeaea;\">\n\t\t<ul class=\"slides\">\n\t\t\t\n\t\t\t\t\t\t\t\t\t\t\t\t\t\t<li><div  class=\"fusion-image-wrapper\" aria-haspopup=\"true\">\n\t\t\t\t<img decoding=\"async\" width=\"1280\" height=\"1280\" src=\"https:\/\/www.mg-projects.at\/crossmedia\/wp-content\/uploads\/2014\/04\/Logo_2004-Showcase_TRECOLORE.jpg\" class=\"attachment-full size-full wp-post-image\" alt=\"\" srcset=\"https:\/\/www.mg-projects.at\/crossmedia\/wp-content\/uploads\/2014\/04\/Logo_2004-Showcase_TRECOLORE-200x200.jpg 200w, https:\/\/www.mg-projects.at\/crossmedia\/wp-content\/uploads\/2014\/04\/Logo_2004-Showcase_TRECOLORE-400x400.jpg 400w, https:\/\/www.mg-projects.at\/crossmedia\/wp-content\/uploads\/2014\/04\/Logo_2004-Showcase_TRECOLORE-600x600.jpg 600w, https:\/\/www.mg-projects.at\/crossmedia\/wp-content\/uploads\/2014\/04\/Logo_2004-Showcase_TRECOLORE-800x800.jpg 800w, https:\/\/www.mg-projects.at\/crossmedia\/wp-content\/uploads\/2014\/04\/Logo_2004-Showcase_TRECOLORE-1200x1200.jpg 1200w, https:\/\/www.mg-projects.at\/crossmedia\/wp-content\/uploads\/2014\/04\/Logo_2004-Showcase_TRECOLORE.jpg 1280w\" sizes=\"(min-width: 2200px) 100vw, (min-width: 696px) 293px, (min-width: 668px) 440px, (min-width: 640px) 668px, \" \/><div class=\"fusion-rollover\">\n\t<div class=\"fusion-rollover-content\">\n\n\t\t\t\t\n\t\t\n\t\t\t\t\t\t\t\t\t\t\t\t<h4 class=\"fusion-rollover-title\">\n\t\t\t\t\t<a class=\"fusion-rollover-title-link\" href=\"https:\/\/www.mg-projects.at\/crossmedia\/graphic-design\/trecolore-corporate-design\/\">\n\t\t\t\t\t\tTrecolore Corporate Design\t\t\t\t\t<\/a>\n\t\t\t\t<\/h4>\n\t\t\t\n\t\t\t\t\t\t\t\t\t\t<div class=\"fusion-rollover-categories\"><a href=\"https:\/\/www.mg-projects.at\/crossmedia\/category\/graphic-design\/\" rel=\"tag\">Graphic Design<\/a>, <a href=\"https:\/\/www.mg-projects.at\/crossmedia\/category\/web-design\/\" rel=\"tag\">Web Design<\/a><\/div>\t\t\t\t\t\n\t\t\n\t\t\t\t\t\t<a class=\"fusion-link-wrapper\" href=\"https:\/\/www.mg-projects.at\/crossmedia\/graphic-design\/trecolore-corporate-design\/\" aria-label=\"Trecolore Corporate Design\"><\/a>\n\t<\/div>\n<\/div>\n<\/div>\n<\/li>\n\t\t\t\n\t\t\t\n\t\t\t\t\t\t\t\t\t\t\t\t\t\t\t\t\t\t\t\t\t\t\t\t\t\t\t\t\t\t\t\t\t\t\t\t\t\t\t\t\t\t\t\t\t\t\t\t\t\t\t\t\t\t\t\t\t\t\t\t\t\t\t\t\t\t\t\t<\/ul>\n\t<\/div>\n\t<div class=\"fusion-post-content-wrapper\" style=\"padding:30px 25px 20px 25px;\"><div class=\"fusion-post-content post-content\"><h2 class=\"blog-shortcode-post-title entry-title\"><a href=\"https:\/\/www.mg-projects.at\/crossmedia\/graphic-design\/trecolore-corporate-design\/\">Trecolore Corporate Design<\/a><\/h2><div class=\"fusion-post-content-container\"><p> Der Gro\u00dfteil aller auf dieser Website pr\u00e4sentierten Arbeiten auf dem Gebiet des Corporate Designs, Grafik und Website Design, sind im Rahmen meiner hauptberuflichen T\u00e4tigkeit bei den Trecolore Architects entstanden. Selbstverst\u00e4ndlich z\u00e4hlt das eigene Corporate<a href=\"https:\/\/www.mg-projects.at\/crossmedia\/graphic-design\/trecolore-corporate-design\/\"> [...]<\/a><\/p><\/div><\/div><\/div><div class=\"fusion-clearfix\"><\/div><\/div>\n<\/article>\n<article id=\"blog-1-post-6775\" class=\"fusion-post-grid post-6775 post type-post status-publish format-standard has-post-thumbnail hentry category-graphic-design category-web-design tag-corporate-design tag-editorial-design tag-website\">\n<div class=\"fusion-post-wrapper\" style=\"background-color:rgba(255,255,255,0);border:1px solid #ebeaea;border-bottom-width:3px;\">\n\n\t\t\t<div class=\"fusion-flexslider flexslider fusion-flexslider-loading fusion-post-slideshow\" style=\"border-color:#ebeaea;\">\n\t\t<ul class=\"slides\">\n\t\t\t\n\t\t\t\t\t\t\t\t\t\t\t\t\t\t<li><div  class=\"fusion-image-wrapper\" aria-haspopup=\"true\">\n\t\t\t\t<img decoding=\"async\" width=\"840\" height=\"560\" src=\"https:\/\/www.mg-projects.at\/crossmedia\/wp-content\/uploads\/2014\/04\/Design-Portfolio_cmgp_iPad-HD_001-21.jpg\" class=\"attachment-full size-full wp-post-image\" alt=\"\" srcset=\"https:\/\/www.mg-projects.at\/crossmedia\/wp-content\/uploads\/2014\/04\/Design-Portfolio_cmgp_iPad-HD_001-21-200x133.jpg 200w, https:\/\/www.mg-projects.at\/crossmedia\/wp-content\/uploads\/2014\/04\/Design-Portfolio_cmgp_iPad-HD_001-21-400x267.jpg 400w, https:\/\/www.mg-projects.at\/crossmedia\/wp-content\/uploads\/2014\/04\/Design-Portfolio_cmgp_iPad-HD_001-21-600x400.jpg 600w, https:\/\/www.mg-projects.at\/crossmedia\/wp-content\/uploads\/2014\/04\/Design-Portfolio_cmgp_iPad-HD_001-21-800x533.jpg 800w, https:\/\/www.mg-projects.at\/crossmedia\/wp-content\/uploads\/2014\/04\/Design-Portfolio_cmgp_iPad-HD_001-21.jpg 840w\" sizes=\"(min-width: 2200px) 100vw, (min-width: 696px) 293px, (min-width: 668px) 440px, (min-width: 640px) 668px, \" \/><div class=\"fusion-rollover\">\n\t<div class=\"fusion-rollover-content\">\n\n\t\t\t\t\n\t\t\n\t\t\t\t\t\t\t\t\t\t\t\t<h4 class=\"fusion-rollover-title\">\n\t\t\t\t\t<a class=\"fusion-rollover-title-link\" href=\"https:\/\/www.mg-projects.at\/crossmedia\/graphic-design\/frauenhaus-villach\/\">\n\t\t\t\t\t\tVerein Frauenhaus Villach\t\t\t\t\t<\/a>\n\t\t\t\t<\/h4>\n\t\t\t\n\t\t\t\t\t\t\t\t\t\t<div class=\"fusion-rollover-categories\"><a href=\"https:\/\/www.mg-projects.at\/crossmedia\/category\/graphic-design\/\" rel=\"tag\">Graphic Design<\/a>, <a href=\"https:\/\/www.mg-projects.at\/crossmedia\/category\/web-design\/\" rel=\"tag\">Web Design<\/a><\/div>\t\t\t\t\t\n\t\t\n\t\t\t\t\t\t<a class=\"fusion-link-wrapper\" href=\"https:\/\/www.mg-projects.at\/crossmedia\/graphic-design\/frauenhaus-villach\/\" aria-label=\"Verein Frauenhaus Villach\"><\/a>\n\t<\/div>\n<\/div>\n<\/div>\n<\/li>\n\t\t\t\n\t\t\t\n\t\t\t\t\t\t\t\t\t\t\t\t\t\t\t\t\t\t\t\t\t\t\t\t\t\t\t\t\t\t\t\t\t\t\t\t\t\t\t\t\t\t\t\t\t\t\t\t\t\t\t\t\t\t\t\t\t\t\t\t\t\t\t\t\t\t\t\t<\/ul>\n\t<\/div>\n\t<div class=\"fusion-post-content-wrapper\" style=\"padding:30px 25px 20px 25px;\"><div class=\"fusion-post-content post-content\"><h2 class=\"blog-shortcode-post-title entry-title\"><a href=\"https:\/\/www.mg-projects.at\/crossmedia\/graphic-design\/frauenhaus-villach\/\">Verein Frauenhaus Villach<\/a><\/h2><div class=\"fusion-post-content-container\"><p>Allj\u00e4hrlich, und das nun schon seit 2005, gestalte ich im Rahmen der Trecolore Marketing Services den Jahresbericht f\u00fcr den Verein Frauenhaus Villach, der sich als Opferschutzeinrichtung um von Gewalt bedrohte oder betroffene Frauen und Kinder<a href=\"https:\/\/www.mg-projects.at\/crossmedia\/graphic-design\/frauenhaus-villach\/\"> [...]<\/a><\/p><\/div><\/div><\/div><div class=\"fusion-clearfix\"><\/div><\/div>\n<\/article>\n<article id=\"blog-1-post-6884\" class=\"fusion-post-grid post-6884 post type-post status-publish format-standard has-post-thumbnail hentry category-fotografie category-graphic-design tag-editorial-design tag-food-product\">\n<div class=\"fusion-post-wrapper\" style=\"background-color:rgba(255,255,255,0);border:1px solid #ebeaea;border-bottom-width:3px;\">\n\n\t\t\t<div class=\"fusion-flexslider flexslider fusion-flexslider-loading fusion-post-slideshow\" style=\"border-color:#ebeaea;\">\n\t\t<ul class=\"slides\">\n\t\t\t\n\t\t\t\t\t\t\t\t\t\t\t\t\t\t<li><div  class=\"fusion-image-wrapper\" aria-haspopup=\"true\">\n\t\t\t\t<img decoding=\"async\" width=\"840\" height=\"560\" src=\"https:\/\/www.mg-projects.at\/crossmedia\/wp-content\/uploads\/2014\/04\/Design-Portfolio_cmgp_iPad-HD_0031.jpg\" class=\"attachment-full size-full wp-post-image\" alt=\"\" srcset=\"https:\/\/www.mg-projects.at\/crossmedia\/wp-content\/uploads\/2014\/04\/Design-Portfolio_cmgp_iPad-HD_0031-200x133.jpg 200w, https:\/\/www.mg-projects.at\/crossmedia\/wp-content\/uploads\/2014\/04\/Design-Portfolio_cmgp_iPad-HD_0031-400x267.jpg 400w, https:\/\/www.mg-projects.at\/crossmedia\/wp-content\/uploads\/2014\/04\/Design-Portfolio_cmgp_iPad-HD_0031-600x400.jpg 600w, https:\/\/www.mg-projects.at\/crossmedia\/wp-content\/uploads\/2014\/04\/Design-Portfolio_cmgp_iPad-HD_0031-800x533.jpg 800w, https:\/\/www.mg-projects.at\/crossmedia\/wp-content\/uploads\/2014\/04\/Design-Portfolio_cmgp_iPad-HD_0031.jpg 840w\" sizes=\"(min-width: 2200px) 100vw, (min-width: 696px) 293px, (min-width: 668px) 440px, (min-width: 640px) 668px, \" \/><div class=\"fusion-rollover\">\n\t<div class=\"fusion-rollover-content\">\n\n\t\t\t\t\n\t\t\n\t\t\t\t\t\t\t\t\t\t\t\t<h4 class=\"fusion-rollover-title\">\n\t\t\t\t\t<a class=\"fusion-rollover-title-link\" href=\"https:\/\/www.mg-projects.at\/crossmedia\/fotografie\/frierss-feines-haus\/\">\n\t\t\t\t\t\tFrierss Feines Haus\t\t\t\t\t<\/a>\n\t\t\t\t<\/h4>\n\t\t\t\n\t\t\t\t\t\t\t\t\t\t<div class=\"fusion-rollover-categories\"><a href=\"https:\/\/www.mg-projects.at\/crossmedia\/category\/fotografie\/\" rel=\"tag\">Fotografie<\/a>, <a href=\"https:\/\/www.mg-projects.at\/crossmedia\/category\/graphic-design\/\" rel=\"tag\">Graphic Design<\/a><\/div>\t\t\t\t\t\n\t\t\n\t\t\t\t\t\t<a class=\"fusion-link-wrapper\" href=\"https:\/\/www.mg-projects.at\/crossmedia\/fotografie\/frierss-feines-haus\/\" aria-label=\"Frierss Feines Haus\"><\/a>\n\t<\/div>\n<\/div>\n<\/div>\n<\/li>\n\t\t\t\n\t\t\t\n\t\t\t\t\t\t\t\t\t\t\t\t\t\t\t\t\t\t\t\t\t\t\t\t\t\t\t\t\t\t\t\t\t\t\t\t\t\t\t\t\t\t\t\t\t\t\t\t\t\t\t\t\t\t\t\t\t\t\t\t\t\t\t\t\t\t\t\t<\/ul>\n\t<\/div>\n\t<div class=\"fusion-post-content-wrapper\" style=\"padding:30px 25px 20px 25px;\"><div class=\"fusion-post-content post-content\"><h2 class=\"blog-shortcode-post-title entry-title\"><a href=\"https:\/\/www.mg-projects.at\/crossmedia\/fotografie\/frierss-feines-haus\/\">Frierss Feines Haus<\/a><\/h2><div class=\"fusion-post-content-container\"><p>Das \"Frierss Feines Haus\" ist ein Flagship Store &amp; Restaurant der Firma Frierss, in erster Linie bekannt f\u00fcr ihre Alpe Adria Fleisch- und Wurstspezialit\u00e4ten. Geplant und gr\u00f6\u00dftenteils auch konzipiert wurde das mittlerweile mehrfach ausgezeichnete Restaurant<a href=\"https:\/\/www.mg-projects.at\/crossmedia\/fotografie\/frierss-feines-haus\/\"> [...]<\/a><\/p><\/div><\/div><\/div><div class=\"fusion-clearfix\"><\/div><\/div>\n<\/article>\n<article id=\"blog-1-post-6704\" class=\"fusion-post-grid post-6704 post type-post status-publish format-standard has-post-thumbnail hentry category-graphic-design tag-corporate-design tag-editorial-design\">\n<div class=\"fusion-post-wrapper\" style=\"background-color:rgba(255,255,255,0);border:1px solid #ebeaea;border-bottom-width:3px;\">\n\n\t\t\t<div class=\"fusion-flexslider flexslider fusion-flexslider-loading fusion-post-slideshow\" style=\"border-color:#ebeaea;\">\n\t\t<ul class=\"slides\">\n\t\t\t\n\t\t\t\t\t\t\t\t\t\t\t\t\t\t<li><div  class=\"fusion-image-wrapper\" aria-haspopup=\"true\">\n\t\t\t\t<img decoding=\"async\" width=\"840\" height=\"560\" src=\"https:\/\/www.mg-projects.at\/crossmedia\/wp-content\/uploads\/2014\/04\/Design-Portfolio_cmgp_iPad-HD_0013.jpg\" class=\"attachment-full size-full wp-post-image\" alt=\"\" srcset=\"https:\/\/www.mg-projects.at\/crossmedia\/wp-content\/uploads\/2014\/04\/Design-Portfolio_cmgp_iPad-HD_0013-200x133.jpg 200w, https:\/\/www.mg-projects.at\/crossmedia\/wp-content\/uploads\/2014\/04\/Design-Portfolio_cmgp_iPad-HD_0013-400x267.jpg 400w, https:\/\/www.mg-projects.at\/crossmedia\/wp-content\/uploads\/2014\/04\/Design-Portfolio_cmgp_iPad-HD_0013-600x400.jpg 600w, https:\/\/www.mg-projects.at\/crossmedia\/wp-content\/uploads\/2014\/04\/Design-Portfolio_cmgp_iPad-HD_0013-800x533.jpg 800w, https:\/\/www.mg-projects.at\/crossmedia\/wp-content\/uploads\/2014\/04\/Design-Portfolio_cmgp_iPad-HD_0013.jpg 840w\" sizes=\"(min-width: 2200px) 100vw, (min-width: 696px) 293px, (min-width: 668px) 440px, (min-width: 640px) 668px, \" \/><div class=\"fusion-rollover\">\n\t<div class=\"fusion-rollover-content\">\n\n\t\t\t\t\n\t\t\n\t\t\t\t\t\t\t\t\t\t\t\t<h4 class=\"fusion-rollover-title\">\n\t\t\t\t\t<a class=\"fusion-rollover-title-link\" href=\"https:\/\/www.mg-projects.at\/crossmedia\/graphic-design\/golfclub-zell-am-see-kaprun\/\">\n\t\t\t\t\t\tGolfclub Zell am See &#8211; Kaprun\t\t\t\t\t<\/a>\n\t\t\t\t<\/h4>\n\t\t\t\n\t\t\t\t\t\t\t\t\t\t<div class=\"fusion-rollover-categories\"><a href=\"https:\/\/www.mg-projects.at\/crossmedia\/category\/graphic-design\/\" rel=\"tag\">Graphic Design<\/a><\/div>\t\t\t\t\t\n\t\t\n\t\t\t\t\t\t<a class=\"fusion-link-wrapper\" href=\"https:\/\/www.mg-projects.at\/crossmedia\/graphic-design\/golfclub-zell-am-see-kaprun\/\" aria-label=\"Golfclub Zell am See &#8211; Kaprun\"><\/a>\n\t<\/div>\n<\/div>\n<\/div>\n<\/li>\n\t\t\t\n\t\t\t\n\t\t\t\t\t\t\t\t\t\t\t\t\t\t\t\t\t\t\t\t\t\t\t\t\t\t\t\t\t\t\t\t\t\t\t\t\t\t\t\t\t\t\t\t\t\t\t\t\t\t\t\t\t\t\t\t\t\t\t\t\t\t\t\t\t\t\t\t<\/ul>\n\t<\/div>\n\t<div class=\"fusion-post-content-wrapper\" style=\"padding:30px 25px 20px 25px;\"><div class=\"fusion-post-content post-content\"><h2 class=\"blog-shortcode-post-title entry-title\"><a href=\"https:\/\/www.mg-projects.at\/crossmedia\/graphic-design\/golfclub-zell-am-see-kaprun\/\">Golfclub Zell am See &#8211; Kaprun<\/a><\/h2><div class=\"fusion-post-content-container\"><p>Bereits seit 2006 betreue ich \u00fcber die Trecolore Marketing Services die visuellen Kommunikationsmittel des Golfclub Zell am See - Kaprun. Neben der allj\u00e4hrlich neu aufgelegten Hotelpartner Imagebrosch\u00fcre gestalte ich auch Visitenkarten, Turnierkalender und verschiedene Anzeigensujets<a href=\"https:\/\/www.mg-projects.at\/crossmedia\/graphic-design\/golfclub-zell-am-see-kaprun\/\"> [...]<\/a><\/p><\/div><\/div><\/div><div class=\"fusion-clearfix\"><\/div><\/div>\n<\/article>\n<article id=\"blog-1-post-6730\" class=\"fusion-post-grid post-6730 post type-post status-publish format-standard has-post-thumbnail hentry category-graphic-design tag-corporate-design tag-logo\">\n<div class=\"fusion-post-wrapper\" style=\"background-color:rgba(255,255,255,0);border:1px solid #ebeaea;border-bottom-width:3px;\">\n\n\t\t\t<div class=\"fusion-flexslider flexslider fusion-flexslider-loading fusion-post-slideshow\" style=\"border-color:#ebeaea;\">\n\t\t<ul class=\"slides\">\n\t\t\t\n\t\t\t\t\t\t\t\t\t\t\t\t\t\t<li><div  class=\"fusion-image-wrapper\" aria-haspopup=\"true\">\n\t\t\t\t<img decoding=\"async\" width=\"1280\" height=\"1280\" src=\"https:\/\/www.mg-projects.at\/crossmedia\/wp-content\/uploads\/2012\/07\/Logo_Showcase_2012-STUDIO-BEAUTEE.jpg\" class=\"attachment-full size-full wp-post-image\" alt=\"\" srcset=\"https:\/\/www.mg-projects.at\/crossmedia\/wp-content\/uploads\/2012\/07\/Logo_Showcase_2012-STUDIO-BEAUTEE-200x200.jpg 200w, https:\/\/www.mg-projects.at\/crossmedia\/wp-content\/uploads\/2012\/07\/Logo_Showcase_2012-STUDIO-BEAUTEE-400x400.jpg 400w, https:\/\/www.mg-projects.at\/crossmedia\/wp-content\/uploads\/2012\/07\/Logo_Showcase_2012-STUDIO-BEAUTEE-600x600.jpg 600w, https:\/\/www.mg-projects.at\/crossmedia\/wp-content\/uploads\/2012\/07\/Logo_Showcase_2012-STUDIO-BEAUTEE-800x800.jpg 800w, https:\/\/www.mg-projects.at\/crossmedia\/wp-content\/uploads\/2012\/07\/Logo_Showcase_2012-STUDIO-BEAUTEE-1200x1200.jpg 1200w, https:\/\/www.mg-projects.at\/crossmedia\/wp-content\/uploads\/2012\/07\/Logo_Showcase_2012-STUDIO-BEAUTEE.jpg 1280w\" sizes=\"(min-width: 2200px) 100vw, (min-width: 696px) 293px, (min-width: 668px) 440px, (min-width: 640px) 668px, \" \/><div class=\"fusion-rollover\">\n\t<div class=\"fusion-rollover-content\">\n\n\t\t\t\t\n\t\t\n\t\t\t\t\t\t\t\t\t\t\t\t<h4 class=\"fusion-rollover-title\">\n\t\t\t\t\t<a class=\"fusion-rollover-title-link\" href=\"https:\/\/www.mg-projects.at\/crossmedia\/graphic-design\/studio-beautee\/\">\n\t\t\t\t\t\tstudio beaut\u00e9e\t\t\t\t\t<\/a>\n\t\t\t\t<\/h4>\n\t\t\t\n\t\t\t\t\t\t\t\t\t\t<div class=\"fusion-rollover-categories\"><a href=\"https:\/\/www.mg-projects.at\/crossmedia\/category\/graphic-design\/\" rel=\"tag\">Graphic Design<\/a><\/div>\t\t\t\t\t\n\t\t\n\t\t\t\t\t\t<a class=\"fusion-link-wrapper\" href=\"https:\/\/www.mg-projects.at\/crossmedia\/graphic-design\/studio-beautee\/\" aria-label=\"studio beaut\u00e9e\"><\/a>\n\t<\/div>\n<\/div>\n<\/div>\n<\/li>\n\t\t\t\n\t\t\t\n\t\t\t\t\t\t\t\t\t\t\t\t\t\t\t\t\t\t\t\t\t\t\t\t\t\t\t\t\t\t\t\t\t\t\t\t\t\t\t\t\t\t\t\t\t\t\t\t\t\t\t\t\t\t\t\t\t\t\t\t\t\t\t\t\t\t\t\t<\/ul>\n\t<\/div>\n\t<div class=\"fusion-post-content-wrapper\" style=\"padding:30px 25px 20px 25px;\"><div class=\"fusion-post-content post-content\"><h2 class=\"blog-shortcode-post-title entry-title\"><a href=\"https:\/\/www.mg-projects.at\/crossmedia\/graphic-design\/studio-beautee\/\">studio beaut\u00e9e<\/a><\/h2><div class=\"fusion-post-content-container\"><p> Getreu ihrem Claim \u2013 Erwarten Sie mehr von Ihrer Apotheke \u2013 betreibt die \u201cteam sant\u00e9 obere apotheke villach\u201d ein eigenes Kosmetikstudio. F\u00fcr die bislang in Eigenregie erstellten Kommunikationsmittel f\u00fcr das Kosmetikstudio habe ich im<a href=\"https:\/\/www.mg-projects.at\/crossmedia\/graphic-design\/studio-beautee\/\"> [...]<\/a><\/p><\/div><\/div><\/div><div class=\"fusion-clearfix\"><\/div><\/div>\n<\/article>\n<article id=\"blog-1-post-6765\" class=\"fusion-post-grid post-6765 post type-post status-publish format-standard has-post-thumbnail hentry category-graphic-design tag-corporate-design tag-logo\">\n<div class=\"fusion-post-wrapper\" style=\"background-color:rgba(255,255,255,0);border:1px solid #ebeaea;border-bottom-width:3px;\">\n\n\t\t\t<div class=\"fusion-flexslider flexslider fusion-flexslider-loading fusion-post-slideshow\" style=\"border-color:#ebeaea;\">\n\t\t<ul class=\"slides\">\n\t\t\t\n\t\t\t\t\t\t\t\t\t\t\t\t\t\t<li><div  class=\"fusion-image-wrapper\" aria-haspopup=\"true\">\n\t\t\t\t<img decoding=\"async\" width=\"840\" height=\"560\" src=\"https:\/\/www.mg-projects.at\/crossmedia\/wp-content\/uploads\/2014\/04\/Design-Portfolio_cmgp_iPad-HD_0014.jpg\" class=\"attachment-full size-full wp-post-image\" alt=\"\" srcset=\"https:\/\/www.mg-projects.at\/crossmedia\/wp-content\/uploads\/2014\/04\/Design-Portfolio_cmgp_iPad-HD_0014-200x133.jpg 200w, https:\/\/www.mg-projects.at\/crossmedia\/wp-content\/uploads\/2014\/04\/Design-Portfolio_cmgp_iPad-HD_0014-400x267.jpg 400w, https:\/\/www.mg-projects.at\/crossmedia\/wp-content\/uploads\/2014\/04\/Design-Portfolio_cmgp_iPad-HD_0014-600x400.jpg 600w, https:\/\/www.mg-projects.at\/crossmedia\/wp-content\/uploads\/2014\/04\/Design-Portfolio_cmgp_iPad-HD_0014-800x533.jpg 800w, https:\/\/www.mg-projects.at\/crossmedia\/wp-content\/uploads\/2014\/04\/Design-Portfolio_cmgp_iPad-HD_0014.jpg 840w\" sizes=\"(min-width: 2200px) 100vw, (min-width: 696px) 293px, (min-width: 668px) 440px, (min-width: 640px) 668px, \" \/><div class=\"fusion-rollover\">\n\t<div class=\"fusion-rollover-content\">\n\n\t\t\t\t\n\t\t\n\t\t\t\t\t\t\t\t\t\t\t\t<h4 class=\"fusion-rollover-title\">\n\t\t\t\t\t<a class=\"fusion-rollover-title-link\" href=\"https:\/\/www.mg-projects.at\/crossmedia\/graphic-design\/corporate-design-golfcon\/\">\n\t\t\t\t\t\tGolfcon Start Up\t\t\t\t\t<\/a>\n\t\t\t\t<\/h4>\n\t\t\t\n\t\t\t\t\t\t\t\t\t\t<div class=\"fusion-rollover-categories\"><a href=\"https:\/\/www.mg-projects.at\/crossmedia\/category\/graphic-design\/\" rel=\"tag\">Graphic Design<\/a><\/div>\t\t\t\t\t\n\t\t\n\t\t\t\t\t\t<a class=\"fusion-link-wrapper\" href=\"https:\/\/www.mg-projects.at\/crossmedia\/graphic-design\/corporate-design-golfcon\/\" aria-label=\"Golfcon Start Up\"><\/a>\n\t<\/div>\n<\/div>\n<\/div>\n<\/li>\n\t\t\t\n\t\t\t\n\t\t\t\t\t\t\t\t\t\t\t\t\t\t\t\t\t\t\t\t\t\t\t\t\t\t\t\t\t\t\t\t\t\t\t\t\t\t\t\t\t\t\t\t\t\t\t\t\t\t\t\t\t\t\t\t\t\t\t\t\t\t\t\t\t\t\t\t<\/ul>\n\t<\/div>\n\t<div class=\"fusion-post-content-wrapper\" style=\"padding:30px 25px 20px 25px;\"><div class=\"fusion-post-content post-content\"><h2 class=\"blog-shortcode-post-title entry-title\"><a href=\"https:\/\/www.mg-projects.at\/crossmedia\/graphic-design\/corporate-design-golfcon\/\">Golfcon Start Up<\/a><\/h2><div class=\"fusion-post-content-container\"><p>Golfcon ist Start Up Unternehmen, das als Einkaufsgemeinschaft f\u00fcr Golfanlagenbetreiber fungiert m\u00f6chte. F\u00fcr den Jungunternehmer aus dem Salzburger Land habe ich im Rahmen der Trecolore Marketing Services das komplette Corporate Design entwickelt. Golfcon bietet Golfanlagenbetreibern<a href=\"https:\/\/www.mg-projects.at\/crossmedia\/graphic-design\/corporate-design-golfcon\/\"> [...]<\/a><\/p><\/div><\/div><\/div><div class=\"fusion-clearfix\"><\/div><\/div>\n<\/article>\n<article id=\"blog-1-post-6695\" class=\"fusion-post-grid post-6695 post type-post status-publish format-standard has-post-thumbnail hentry category-graphic-design tag-corporate-design tag-logo\">\n<div class=\"fusion-post-wrapper\" style=\"background-color:rgba(255,255,255,0);border:1px solid #ebeaea;border-bottom-width:3px;\">\n\n\t\t\t<div class=\"fusion-flexslider flexslider fusion-flexslider-loading fusion-post-slideshow\" style=\"border-color:#ebeaea;\">\n\t\t<ul class=\"slides\">\n\t\t\t\n\t\t\t\t\t\t\t\t\t\t\t\t\t\t<li><div  class=\"fusion-image-wrapper\" aria-haspopup=\"true\">\n\t\t\t\t<img decoding=\"async\" width=\"1280\" height=\"1280\" src=\"https:\/\/www.mg-projects.at\/crossmedia\/wp-content\/uploads\/2012\/02\/Logo_Showcase_2012-TESS.jpg\" class=\"attachment-full size-full wp-post-image\" alt=\"\" srcset=\"https:\/\/www.mg-projects.at\/crossmedia\/wp-content\/uploads\/2012\/02\/Logo_Showcase_2012-TESS-200x200.jpg 200w, https:\/\/www.mg-projects.at\/crossmedia\/wp-content\/uploads\/2012\/02\/Logo_Showcase_2012-TESS-400x400.jpg 400w, https:\/\/www.mg-projects.at\/crossmedia\/wp-content\/uploads\/2012\/02\/Logo_Showcase_2012-TESS-600x600.jpg 600w, https:\/\/www.mg-projects.at\/crossmedia\/wp-content\/uploads\/2012\/02\/Logo_Showcase_2012-TESS-800x800.jpg 800w, https:\/\/www.mg-projects.at\/crossmedia\/wp-content\/uploads\/2012\/02\/Logo_Showcase_2012-TESS-1200x1200.jpg 1200w, https:\/\/www.mg-projects.at\/crossmedia\/wp-content\/uploads\/2012\/02\/Logo_Showcase_2012-TESS.jpg 1280w\" sizes=\"(min-width: 2200px) 100vw, (min-width: 696px) 293px, (min-width: 668px) 440px, (min-width: 640px) 668px, \" \/><div class=\"fusion-rollover\">\n\t<div class=\"fusion-rollover-content\">\n\n\t\t\t\t\n\t\t\n\t\t\t\t\t\t\t\t\t\t\t\t<h4 class=\"fusion-rollover-title\">\n\t\t\t\t\t<a class=\"fusion-rollover-title-link\" href=\"https:\/\/www.mg-projects.at\/crossmedia\/graphic-design\/tess-individual\/\">\n\t\t\t\t\t\tLogo Design: Tess Individual\t\t\t\t\t<\/a>\n\t\t\t\t<\/h4>\n\t\t\t\n\t\t\t\t\t\t\t\t\t\t<div class=\"fusion-rollover-categories\"><a href=\"https:\/\/www.mg-projects.at\/crossmedia\/category\/graphic-design\/\" rel=\"tag\">Graphic Design<\/a><\/div>\t\t\t\t\t\n\t\t\n\t\t\t\t\t\t<a class=\"fusion-link-wrapper\" href=\"https:\/\/www.mg-projects.at\/crossmedia\/graphic-design\/tess-individual\/\" aria-label=\"Logo Design: Tess Individual\"><\/a>\n\t<\/div>\n<\/div>\n<\/div>\n<\/li>\n\t\t\t\n\t\t\t\n\t\t\t\t\t\t\t\t\t\t\t\t\t\t\t\t\t\t\t\t\t\t\t\t\t\t\t\t\t\t\t\t\t\t\t\t\t\t\t\t\t\t\t\t\t\t\t\t\t\t\t\t\t\t\t\t\t\t\t\t\t\t\t\t\t\t\t\t<\/ul>\n\t<\/div>\n\t<div class=\"fusion-post-content-wrapper\" style=\"padding:30px 25px 20px 25px;\"><div class=\"fusion-post-content post-content\"><h2 class=\"blog-shortcode-post-title entry-title\"><a href=\"https:\/\/www.mg-projects.at\/crossmedia\/graphic-design\/tess-individual\/\">Logo Design: Tess Individual<\/a><\/h2><div class=\"fusion-post-content-container\"><p> Das Hobby zum Beruf gemacht: Conny ist im Winter 2011 an mich herangetreten, weil sie ihre kunstvollen Stickereien gerne vermarkten w\u00fcrde und hat mich gebeten, ihr ein Logo zu entwerfen. Der Brand Name \"Tess<a href=\"https:\/\/www.mg-projects.at\/crossmedia\/graphic-design\/tess-individual\/\"> [...]<\/a><\/p><\/div><\/div><\/div><div class=\"fusion-clearfix\"><\/div><\/div>\n<\/article>\n<article id=\"blog-1-post-6681\" class=\"fusion-post-grid post-6681 post type-post status-publish format-standard has-post-thumbnail hentry category-fotografie category-graphic-design tag-graphic-design tag-hochzeiten-taufe-co\">\n<div class=\"fusion-post-wrapper\" style=\"background-color:rgba(255,255,255,0);border:1px solid #ebeaea;border-bottom-width:3px;\">\n\n\t\t\t<div class=\"fusion-flexslider flexslider fusion-flexslider-loading fusion-post-slideshow\" style=\"border-color:#ebeaea;\">\n\t\t<ul class=\"slides\">\n\t\t\t\n\t\t\t\t\t\t\t\t\t\t\t\t\t\t<li><div  class=\"fusion-image-wrapper\" aria-haspopup=\"true\">\n\t\t\t\t<img decoding=\"async\" width=\"840\" height=\"560\" src=\"https:\/\/www.mg-projects.at\/crossmedia\/wp-content\/uploads\/2014\/04\/Design-Portfolio_cmgp_iPad-HD_0011.jpg\" class=\"attachment-full size-full wp-post-image\" alt=\"\" srcset=\"https:\/\/www.mg-projects.at\/crossmedia\/wp-content\/uploads\/2014\/04\/Design-Portfolio_cmgp_iPad-HD_0011-200x133.jpg 200w, https:\/\/www.mg-projects.at\/crossmedia\/wp-content\/uploads\/2014\/04\/Design-Portfolio_cmgp_iPad-HD_0011-400x267.jpg 400w, https:\/\/www.mg-projects.at\/crossmedia\/wp-content\/uploads\/2014\/04\/Design-Portfolio_cmgp_iPad-HD_0011-600x400.jpg 600w, https:\/\/www.mg-projects.at\/crossmedia\/wp-content\/uploads\/2014\/04\/Design-Portfolio_cmgp_iPad-HD_0011-800x533.jpg 800w, https:\/\/www.mg-projects.at\/crossmedia\/wp-content\/uploads\/2014\/04\/Design-Portfolio_cmgp_iPad-HD_0011.jpg 840w\" sizes=\"(min-width: 2200px) 100vw, (min-width: 696px) 293px, (min-width: 668px) 440px, (min-width: 640px) 668px, \" \/><div class=\"fusion-rollover\">\n\t<div class=\"fusion-rollover-content\">\n\n\t\t\t\t\n\t\t\n\t\t\t\t\t\t\t\t\t\t\t\t<h4 class=\"fusion-rollover-title\">\n\t\t\t\t\t<a class=\"fusion-rollover-title-link\" href=\"https:\/\/www.mg-projects.at\/crossmedia\/fotografie\/hochzeit-stefanie-gerfried\/\">\n\t\t\t\t\t\tHochzeit Stefanie &#038; Gerfried\t\t\t\t\t<\/a>\n\t\t\t\t<\/h4>\n\t\t\t\n\t\t\t\t\t\t\t\t\t\t<div class=\"fusion-rollover-categories\"><a href=\"https:\/\/www.mg-projects.at\/crossmedia\/category\/fotografie\/\" rel=\"tag\">Fotografie<\/a>, <a href=\"https:\/\/www.mg-projects.at\/crossmedia\/category\/graphic-design\/\" rel=\"tag\">Graphic Design<\/a><\/div>\t\t\t\t\t\n\t\t\n\t\t\t\t\t\t<a class=\"fusion-link-wrapper\" href=\"https:\/\/www.mg-projects.at\/crossmedia\/fotografie\/hochzeit-stefanie-gerfried\/\" aria-label=\"Hochzeit Stefanie &#038; Gerfried\"><\/a>\n\t<\/div>\n<\/div>\n<\/div>\n<\/li>\n\t\t\t\n\t\t\t\n\t\t\t\t\t\t\t\t\t\t\t\t\t\t\t\t\t\t\t\t\t\t\t\t\t\t\t\t\t\t\t\t\t\t\t\t\t\t\t\t\t\t\t\t\t\t\t\t\t\t\t\t\t\t\t\t\t\t\t\t\t\t\t\t\t\t\t\t<\/ul>\n\t<\/div>\n\t<div class=\"fusion-post-content-wrapper\" style=\"padding:30px 25px 20px 25px;\"><div class=\"fusion-post-content post-content\"><h2 class=\"blog-shortcode-post-title entry-title\"><a href=\"https:\/\/www.mg-projects.at\/crossmedia\/fotografie\/hochzeit-stefanie-gerfried\/\">Hochzeit Stefanie &#038; Gerfried<\/a><\/h2><div class=\"fusion-post-content-container\"><p>Als sich eine ehemalige Arbeitskollegin zum zweiten Mal vor den Traualtar \"traute\", habe ich mich zum ersten Mal dazu \u00fcberreden lassen, eine Hochzeit zu fotografieren. Auch die Einladungskarten zu diesem festlichen Anlass habe ich gestaltet.<a href=\"https:\/\/www.mg-projects.at\/crossmedia\/fotografie\/hochzeit-stefanie-gerfried\/\"> [...]<\/a><\/p><\/div><\/div><\/div><div class=\"fusion-clearfix\"><\/div><\/div>\n<\/article>\n<article id=\"blog-1-post-6668\" class=\"fusion-post-grid post-6668 post type-post status-publish format-standard has-post-thumbnail hentry category-graphic-design tag-editorial-design\">\n<div class=\"fusion-post-wrapper\" style=\"background-color:rgba(255,255,255,0);border:1px solid #ebeaea;border-bottom-width:3px;\">\n\n\t\t\t<div class=\"fusion-flexslider flexslider fusion-flexslider-loading fusion-post-slideshow\" style=\"border-color:#ebeaea;\">\n\t\t<ul class=\"slides\">\n\t\t\t\n\t\t\t\t\t\t\t\t\t\t\t\t\t\t<li><div  class=\"fusion-image-wrapper\" aria-haspopup=\"true\">\n\t\t\t\t<img decoding=\"async\" width=\"840\" height=\"560\" src=\"https:\/\/www.mg-projects.at\/crossmedia\/wp-content\/uploads\/2011\/01\/Design-Portfolio_cmgp_iPad-HD_001-4.jpg\" class=\"attachment-full size-full wp-post-image\" alt=\"\" srcset=\"https:\/\/www.mg-projects.at\/crossmedia\/wp-content\/uploads\/2011\/01\/Design-Portfolio_cmgp_iPad-HD_001-4-200x133.jpg 200w, https:\/\/www.mg-projects.at\/crossmedia\/wp-content\/uploads\/2011\/01\/Design-Portfolio_cmgp_iPad-HD_001-4-400x267.jpg 400w, https:\/\/www.mg-projects.at\/crossmedia\/wp-content\/uploads\/2011\/01\/Design-Portfolio_cmgp_iPad-HD_001-4-600x400.jpg 600w, https:\/\/www.mg-projects.at\/crossmedia\/wp-content\/uploads\/2011\/01\/Design-Portfolio_cmgp_iPad-HD_001-4-800x533.jpg 800w, https:\/\/www.mg-projects.at\/crossmedia\/wp-content\/uploads\/2011\/01\/Design-Portfolio_cmgp_iPad-HD_001-4.jpg 840w\" sizes=\"(min-width: 2200px) 100vw, (min-width: 696px) 293px, (min-width: 668px) 440px, (min-width: 640px) 668px, \" \/><div class=\"fusion-rollover\">\n\t<div class=\"fusion-rollover-content\">\n\n\t\t\t\t\n\t\t\n\t\t\t\t\t\t\t\t\t\t\t\t<h4 class=\"fusion-rollover-title\">\n\t\t\t\t\t<a class=\"fusion-rollover-title-link\" href=\"https:\/\/www.mg-projects.at\/crossmedia\/graphic-design\/furni-rent-imagebroschuere\/\">\n\t\t\t\t\t\tFurni Rent Imagebrosch\u00fcre\t\t\t\t\t<\/a>\n\t\t\t\t<\/h4>\n\t\t\t\n\t\t\t\t\t\t\t\t\t\t<div class=\"fusion-rollover-categories\"><a href=\"https:\/\/www.mg-projects.at\/crossmedia\/category\/graphic-design\/\" rel=\"tag\">Graphic Design<\/a><\/div>\t\t\t\t\t\n\t\t\n\t\t\t\t\t\t<a class=\"fusion-link-wrapper\" href=\"https:\/\/www.mg-projects.at\/crossmedia\/graphic-design\/furni-rent-imagebroschuere\/\" aria-label=\"Furni Rent Imagebrosch\u00fcre\"><\/a>\n\t<\/div>\n<\/div>\n<\/div>\n<\/li>\n\t\t\t\n\t\t\t\n\t\t\t\t\t\t\t\t\t\t\t\t\t\t\t\t\t\t\t\t\t\t\t\t\t\t\t\t\t\t\t\t\t\t\t\t\t\t\t\t\t\t\t\t\t\t\t\t\t\t\t\t\t\t\t\t\t\t\t\t\t\t\t\t\t\t\t\t<\/ul>\n\t<\/div>\n\t<div class=\"fusion-post-content-wrapper\" style=\"padding:30px 25px 20px 25px;\"><div class=\"fusion-post-content post-content\"><h2 class=\"blog-shortcode-post-title entry-title\"><a href=\"https:\/\/www.mg-projects.at\/crossmedia\/graphic-design\/furni-rent-imagebroschuere\/\">Furni Rent Imagebrosch\u00fcre<\/a><\/h2><div class=\"fusion-post-content-container\"><p>F\u00fcr den international t\u00e4tigen M\u00f6belvermieter habe ich 2010 ein Corporate Design Relaunch (inklusive CD Manual) konzipiert und umgesetzt. Neben einer neuen Imagebrosch\u00fcre und diversen visuellen Kommunikationsmitteln der Gesch\u00e4ftsausstatung waren davon auch Merchandising Produkte betroffen. Auch<a href=\"https:\/\/www.mg-projects.at\/crossmedia\/graphic-design\/furni-rent-imagebroschuere\/\"> [...]<\/a><\/p><\/div><\/div><\/div><div class=\"fusion-clearfix\"><\/div><\/div>\n<\/article>\n<article id=\"blog-1-post-6660\" class=\"fusion-post-grid post-6660 post type-post status-publish format-standard has-post-thumbnail hentry category-graphic-design tag-editorial-design\">\n<div class=\"fusion-post-wrapper\" style=\"background-color:rgba(255,255,255,0);border:1px solid #ebeaea;border-bottom-width:3px;\">\n\n\t\t\t<div class=\"fusion-flexslider flexslider fusion-flexslider-loading fusion-post-slideshow\" style=\"border-color:#ebeaea;\">\n\t\t<ul class=\"slides\">\n\t\t\t\n\t\t\t\t\t\t\t\t\t\t\t\t\t\t<li><div  class=\"fusion-image-wrapper\" aria-haspopup=\"true\">\n\t\t\t\t<img decoding=\"async\" width=\"840\" height=\"560\" src=\"https:\/\/www.mg-projects.at\/crossmedia\/wp-content\/uploads\/2014\/04\/Design-Portfolio_cmgp_iPad-HD_001-3.jpg\" class=\"attachment-full size-full wp-post-image\" alt=\"\" srcset=\"https:\/\/www.mg-projects.at\/crossmedia\/wp-content\/uploads\/2014\/04\/Design-Portfolio_cmgp_iPad-HD_001-3-200x133.jpg 200w, https:\/\/www.mg-projects.at\/crossmedia\/wp-content\/uploads\/2014\/04\/Design-Portfolio_cmgp_iPad-HD_001-3-400x267.jpg 400w, https:\/\/www.mg-projects.at\/crossmedia\/wp-content\/uploads\/2014\/04\/Design-Portfolio_cmgp_iPad-HD_001-3-600x400.jpg 600w, https:\/\/www.mg-projects.at\/crossmedia\/wp-content\/uploads\/2014\/04\/Design-Portfolio_cmgp_iPad-HD_001-3-800x533.jpg 800w, https:\/\/www.mg-projects.at\/crossmedia\/wp-content\/uploads\/2014\/04\/Design-Portfolio_cmgp_iPad-HD_001-3.jpg 840w\" sizes=\"(min-width: 2200px) 100vw, (min-width: 696px) 293px, (min-width: 668px) 440px, (min-width: 640px) 668px, \" \/><div class=\"fusion-rollover\">\n\t<div class=\"fusion-rollover-content\">\n\n\t\t\t\t\n\t\t\n\t\t\t\t\t\t\t\t\t\t\t\t<h4 class=\"fusion-rollover-title\">\n\t\t\t\t\t<a class=\"fusion-rollover-title-link\" href=\"https:\/\/www.mg-projects.at\/crossmedia\/graphic-design\/bildband-seepark-hotel\/\">\n\t\t\t\t\t\tBildband Seepark Hotel\t\t\t\t\t<\/a>\n\t\t\t\t<\/h4>\n\t\t\t\n\t\t\t\t\t\t\t\t\t\t<div class=\"fusion-rollover-categories\"><a href=\"https:\/\/www.mg-projects.at\/crossmedia\/category\/graphic-design\/\" rel=\"tag\">Graphic Design<\/a><\/div>\t\t\t\t\t\n\t\t\n\t\t\t\t\t\t<a class=\"fusion-link-wrapper\" href=\"https:\/\/www.mg-projects.at\/crossmedia\/graphic-design\/bildband-seepark-hotel\/\" aria-label=\"Bildband Seepark Hotel\"><\/a>\n\t<\/div>\n<\/div>\n<\/div>\n<\/li>\n\t\t\t\n\t\t\t\n\t\t\t\t\t\t\t\t\t\t\t\t\t\t\t\t\t\t\t\t\t\t\t\t\t\t\t\t\t\t\t\t\t\t\t\t\t\t\t\t\t\t\t\t\t\t\t\t\t\t\t\t\t\t\t\t\t\t\t\t\t\t\t\t\t\t\t\t<\/ul>\n\t<\/div>\n\t<div class=\"fusion-post-content-wrapper\" style=\"padding:30px 25px 20px 25px;\"><div class=\"fusion-post-content post-content\"><h2 class=\"blog-shortcode-post-title entry-title\"><a href=\"https:\/\/www.mg-projects.at\/crossmedia\/graphic-design\/bildband-seepark-hotel\/\">Bildband Seepark Hotel<\/a><\/h2><div class=\"fusion-post-content-container\"><p>Bei Bauprojekten in der Gr\u00f6\u00dfenordnung wie der des Seepark Hotels Klagenfurt wird h\u00e4ufig eine Bau- und Projektreportage erstellt, die vorwiegend durch die beteiligten Firmen finanziert wird und f\u00fcr deren Marketing und PR dienlich sein soll.<a href=\"https:\/\/www.mg-projects.at\/crossmedia\/graphic-design\/bildband-seepark-hotel\/\"> [...]<\/a><\/p><\/div><\/div><\/div><div class=\"fusion-clearfix\"><\/div><\/div>\n<\/article>\n<article id=\"blog-1-post-6645\" class=\"fusion-post-grid post-6645 post type-post status-publish format-standard has-post-thumbnail hentry category-graphic-design category-web-design tag-corporate-design tag-logo tag-website\">\n<div class=\"fusion-post-wrapper\" style=\"background-color:rgba(255,255,255,0);border:1px solid #ebeaea;border-bottom-width:3px;\">\n\n\t\t\t<div class=\"fusion-flexslider flexslider fusion-flexslider-loading fusion-post-slideshow\" style=\"border-color:#ebeaea;\">\n\t\t<ul class=\"slides\">\n\t\t\t\n\t\t\t\t\t\t\t\t\t\t\t\t\t\t<li><div  class=\"fusion-image-wrapper\" aria-haspopup=\"true\">\n\t\t\t\t<img decoding=\"async\" width=\"840\" height=\"560\" src=\"https:\/\/www.mg-projects.at\/crossmedia\/wp-content\/uploads\/2008\/07\/Design-Portfolio_cmgp_iPad-HD_001-2.jpg\" class=\"attachment-full size-full wp-post-image\" alt=\"\" srcset=\"https:\/\/www.mg-projects.at\/crossmedia\/wp-content\/uploads\/2008\/07\/Design-Portfolio_cmgp_iPad-HD_001-2-200x133.jpg 200w, https:\/\/www.mg-projects.at\/crossmedia\/wp-content\/uploads\/2008\/07\/Design-Portfolio_cmgp_iPad-HD_001-2-400x267.jpg 400w, https:\/\/www.mg-projects.at\/crossmedia\/wp-content\/uploads\/2008\/07\/Design-Portfolio_cmgp_iPad-HD_001-2-600x400.jpg 600w, https:\/\/www.mg-projects.at\/crossmedia\/wp-content\/uploads\/2008\/07\/Design-Portfolio_cmgp_iPad-HD_001-2-800x533.jpg 800w, https:\/\/www.mg-projects.at\/crossmedia\/wp-content\/uploads\/2008\/07\/Design-Portfolio_cmgp_iPad-HD_001-2.jpg 840w\" sizes=\"(min-width: 2200px) 100vw, (min-width: 696px) 293px, (min-width: 668px) 440px, (min-width: 640px) 668px, \" \/><div class=\"fusion-rollover\">\n\t<div class=\"fusion-rollover-content\">\n\n\t\t\t\t\n\t\t\n\t\t\t\t\t\t\t\t\t\t\t\t<h4 class=\"fusion-rollover-title\">\n\t\t\t\t\t<a class=\"fusion-rollover-title-link\" href=\"https:\/\/www.mg-projects.at\/crossmedia\/graphic-design\/cd-relaunch-kofler-projekt-austria\/\">\n\t\t\t\t\t\tCD Relaunch Kofler Projekt.Austria\t\t\t\t\t<\/a>\n\t\t\t\t<\/h4>\n\t\t\t\n\t\t\t\t\t\t\t\t\t\t<div class=\"fusion-rollover-categories\"><a href=\"https:\/\/www.mg-projects.at\/crossmedia\/category\/graphic-design\/\" rel=\"tag\">Graphic Design<\/a>, <a href=\"https:\/\/www.mg-projects.at\/crossmedia\/category\/web-design\/\" rel=\"tag\">Web Design<\/a><\/div>\t\t\t\t\t\n\t\t\n\t\t\t\t\t\t<a class=\"fusion-link-wrapper\" href=\"https:\/\/www.mg-projects.at\/crossmedia\/graphic-design\/cd-relaunch-kofler-projekt-austria\/\" aria-label=\"CD Relaunch Kofler Projekt.Austria\"><\/a>\n\t<\/div>\n<\/div>\n<\/div>\n<\/li>\n\t\t\t\n\t\t\t\n\t\t\t\t\t\t\t\t\t\t\t\t\t\t\t\t\t\t\t\t\t\t\t\t\t\t\t\t\t\t\t\t\t\t\t\t\t\t\t\t\t\t\t\t\t\t\t\t\t\t\t\t\t\t\t\t\t\t\t\t\t\t\t\t\t\t\t\t<\/ul>\n\t<\/div>\n\t<div class=\"fusion-post-content-wrapper\" style=\"padding:30px 25px 20px 25px;\"><div class=\"fusion-post-content post-content\"><h2 class=\"blog-shortcode-post-title entry-title\"><a href=\"https:\/\/www.mg-projects.at\/crossmedia\/graphic-design\/cd-relaunch-kofler-projekt-austria\/\">CD Relaunch Kofler Projekt.Austria<\/a><\/h2><div class=\"fusion-post-content-container\"><p>Einen kompletten Relaunch des Corporate Designs habe ich f\u00fcr die Kofler Projekt.Austria vorgenommen. Insbesondere dem Logo wurde der nicht mehr zeitgem\u00e4\u00dfe Charme der sp\u00e4ten 70er Jahre genommen und behutsam ein neues, dynamisches Erscheinungsbild verpasst, ohne<a href=\"https:\/\/www.mg-projects.at\/crossmedia\/graphic-design\/cd-relaunch-kofler-projekt-austria\/\"> [...]<\/a><\/p><\/div><\/div><\/div><div class=\"fusion-clearfix\"><\/div><\/div>\n<\/article>\n<article id=\"blog-1-post-6620\" class=\"fusion-post-grid post-6620 post type-post status-publish format-standard has-post-thumbnail hentry category-graphic-design tag-corporate-design tag-logo tag-website\">\n<div class=\"fusion-post-wrapper\" style=\"background-color:rgba(255,255,255,0);border:1px solid #ebeaea;border-bottom-width:3px;\">\n\n\t\t\t<div class=\"fusion-flexslider flexslider fusion-flexslider-loading fusion-post-slideshow\" style=\"border-color:#ebeaea;\">\n\t\t<ul class=\"slides\">\n\t\t\t\n\t\t\t\t\t\t\t\t\t\t\t\t\t\t<li><div  class=\"fusion-image-wrapper\" aria-haspopup=\"true\">\n\t\t\t\t<img decoding=\"async\" width=\"840\" height=\"560\" src=\"https:\/\/www.mg-projects.at\/crossmedia\/wp-content\/uploads\/2014\/04\/Design-Portfolio_cmgp_iPad-HD_001.jpg\" class=\"attachment-full size-full wp-post-image\" alt=\"\" srcset=\"https:\/\/www.mg-projects.at\/crossmedia\/wp-content\/uploads\/2014\/04\/Design-Portfolio_cmgp_iPad-HD_001-200x133.jpg 200w, https:\/\/www.mg-projects.at\/crossmedia\/wp-content\/uploads\/2014\/04\/Design-Portfolio_cmgp_iPad-HD_001-400x267.jpg 400w, https:\/\/www.mg-projects.at\/crossmedia\/wp-content\/uploads\/2014\/04\/Design-Portfolio_cmgp_iPad-HD_001-600x400.jpg 600w, https:\/\/www.mg-projects.at\/crossmedia\/wp-content\/uploads\/2014\/04\/Design-Portfolio_cmgp_iPad-HD_001-800x533.jpg 800w, https:\/\/www.mg-projects.at\/crossmedia\/wp-content\/uploads\/2014\/04\/Design-Portfolio_cmgp_iPad-HD_001.jpg 840w\" sizes=\"(min-width: 2200px) 100vw, (min-width: 696px) 293px, (min-width: 668px) 440px, (min-width: 640px) 668px, \" \/><div class=\"fusion-rollover\">\n\t<div class=\"fusion-rollover-content\">\n\n\t\t\t\t\n\t\t\n\t\t\t\t\t\t\t\t\t\t\t\t<h4 class=\"fusion-rollover-title\">\n\t\t\t\t\t<a class=\"fusion-rollover-title-link\" href=\"https:\/\/www.mg-projects.at\/crossmedia\/graphic-design\/schloss-maria-loretto\/\">\n\t\t\t\t\t\tSchloss Maria Loretto\t\t\t\t\t<\/a>\n\t\t\t\t<\/h4>\n\t\t\t\n\t\t\t\t\t\t\t\t\t\t<div class=\"fusion-rollover-categories\"><a href=\"https:\/\/www.mg-projects.at\/crossmedia\/category\/graphic-design\/\" rel=\"tag\">Graphic Design<\/a><\/div>\t\t\t\t\t\n\t\t\n\t\t\t\t\t\t<a class=\"fusion-link-wrapper\" href=\"https:\/\/www.mg-projects.at\/crossmedia\/graphic-design\/schloss-maria-loretto\/\" aria-label=\"Schloss Maria Loretto\"><\/a>\n\t<\/div>\n<\/div>\n<\/div>\n<\/li>\n\t\t\t\n\t\t\t\n\t\t\t\t\t\t\t\t\t\t\t\t\t\t\t\t\t\t\t\t\t\t\t\t\t\t\t\t\t\t\t\t\t\t\t\t\t\t\t\t\t\t\t\t\t\t\t\t\t\t\t\t\t\t\t\t\t\t\t\t\t\t\t\t\t\t\t\t<\/ul>\n\t<\/div>\n\t<div class=\"fusion-post-content-wrapper\" style=\"padding:30px 25px 20px 25px;\"><div class=\"fusion-post-content post-content\"><h2 class=\"blog-shortcode-post-title entry-title\"><a href=\"https:\/\/www.mg-projects.at\/crossmedia\/graphic-design\/schloss-maria-loretto\/\">Schloss Maria Loretto<\/a><\/h2><div class=\"fusion-post-content-container\"><p>Das Schloss Maria Loretto auf der gleichnamigen Halbinsel wurde 2007 komplett restauriert und dient seitdem als Eventlocation f\u00fcr festliche Anl\u00e4sse. Das Logo sollte daher einen Bezug zu der jahrhundertelangen Tradition der einstigen Adelsresidenz herstellen und<a href=\"https:\/\/www.mg-projects.at\/crossmedia\/graphic-design\/schloss-maria-loretto\/\"> [...]<\/a><\/p><\/div><\/div><\/div><div class=\"fusion-clearfix\"><\/div><\/div>\n<\/article>\n<article id=\"blog-1-post-6635\" class=\"fusion-post-grid post-6635 post type-post status-publish format-standard has-post-thumbnail hentry category-graphic-design tag-corporate-design\">\n<div class=\"fusion-post-wrapper\" style=\"background-color:rgba(255,255,255,0);border:1px solid #ebeaea;border-bottom-width:3px;\">\n\n\t\t\t<div class=\"fusion-flexslider flexslider fusion-flexslider-loading fusion-post-slideshow\" style=\"border-color:#ebeaea;\">\n\t\t<ul class=\"slides\">\n\t\t\t\n\t\t\t\t\t\t\t\t\t\t\t\t\t\t<li><div  class=\"fusion-image-wrapper\" aria-haspopup=\"true\">\n\t\t\t\t<img decoding=\"async\" width=\"840\" height=\"560\" src=\"https:\/\/www.mg-projects.at\/crossmedia\/wp-content\/uploads\/2006\/05\/Design-Portfolio_cmgp_iPad-HD_002.jpg\" class=\"attachment-full size-full wp-post-image\" alt=\"\" srcset=\"https:\/\/www.mg-projects.at\/crossmedia\/wp-content\/uploads\/2006\/05\/Design-Portfolio_cmgp_iPad-HD_002-200x133.jpg 200w, https:\/\/www.mg-projects.at\/crossmedia\/wp-content\/uploads\/2006\/05\/Design-Portfolio_cmgp_iPad-HD_002-400x267.jpg 400w, https:\/\/www.mg-projects.at\/crossmedia\/wp-content\/uploads\/2006\/05\/Design-Portfolio_cmgp_iPad-HD_002-600x400.jpg 600w, https:\/\/www.mg-projects.at\/crossmedia\/wp-content\/uploads\/2006\/05\/Design-Portfolio_cmgp_iPad-HD_002-800x533.jpg 800w, https:\/\/www.mg-projects.at\/crossmedia\/wp-content\/uploads\/2006\/05\/Design-Portfolio_cmgp_iPad-HD_002.jpg 840w\" sizes=\"(min-width: 2200px) 100vw, (min-width: 696px) 293px, (min-width: 668px) 440px, (min-width: 640px) 668px, \" \/><div class=\"fusion-rollover\">\n\t<div class=\"fusion-rollover-content\">\n\n\t\t\t\t\n\t\t\n\t\t\t\t\t\t\t\t\t\t\t\t<h4 class=\"fusion-rollover-title\">\n\t\t\t\t\t<a class=\"fusion-rollover-title-link\" href=\"https:\/\/www.mg-projects.at\/crossmedia\/graphic-design\/icff-2006-invitational-cards\/\">\n\t\t\t\t\t\tICFF 2006 Invitational Cards\t\t\t\t\t<\/a>\n\t\t\t\t<\/h4>\n\t\t\t\n\t\t\t\t\t\t\t\t\t\t<div class=\"fusion-rollover-categories\"><a href=\"https:\/\/www.mg-projects.at\/crossmedia\/category\/graphic-design\/\" rel=\"tag\">Graphic Design<\/a><\/div>\t\t\t\t\t\n\t\t\n\t\t\t\t\t\t<a class=\"fusion-link-wrapper\" href=\"https:\/\/www.mg-projects.at\/crossmedia\/graphic-design\/icff-2006-invitational-cards\/\" aria-label=\"ICFF 2006 Invitational Cards\"><\/a>\n\t<\/div>\n<\/div>\n<\/div>\n<\/li>\n\t\t\t\n\t\t\t\n\t\t\t\t\t\t\t\t\t\t\t\t\t\t\t\t\t\t\t\t\t\t\t\t\t\t\t\t\t\t\t\t\t\t\t\t\t\t\t\t\t\t\t\t\t\t\t\t\t\t\t\t\t\t\t\t\t\t\t\t\t\t\t\t\t\t\t\t<\/ul>\n\t<\/div>\n\t<div class=\"fusion-post-content-wrapper\" style=\"padding:30px 25px 20px 25px;\"><div class=\"fusion-post-content post-content\"><h2 class=\"blog-shortcode-post-title entry-title\"><a href=\"https:\/\/www.mg-projects.at\/crossmedia\/graphic-design\/icff-2006-invitational-cards\/\">ICFF 2006 Invitational Cards<\/a><\/h2><div class=\"fusion-post-content-container\"><p>Die ICFF in New York z\u00e4hlt zu den bedeutensten Interior Design Messen. Als Zusatzauftrag f\u00fcr das Exhibition Design f\u00fcr die \u00d6sterreichische Beteiligung an der Messe durfte ich die Einladungskarten gestalten, die auf internationaler Ebene von<a href=\"https:\/\/www.mg-projects.at\/crossmedia\/graphic-design\/icff-2006-invitational-cards\/\"> [...]<\/a><\/p><\/div><\/div><\/div><div class=\"fusion-clearfix\"><\/div><\/div>\n<\/article>\n<div class=\"fusion-clearfix\"><\/div><\/div><\/div><div class=\"fusion-clearfix\"><\/div><\/div><\/div><\/div><\/div>\n","protected":false},"excerpt":{"rendered":"","protected":false},"author":1,"featured_media":0,"parent":0,"menu_order":0,"comment_status":"closed","ping_status":"closed","template":"","meta":{"footnotes":""},"class_list":["post-6466","page","type-page","status-publish","hentry"],"_links":{"self":[{"href":"https:\/\/www.mg-projects.at\/crossmedia\/wp-json\/wp\/v2\/pages\/6466","targetHints":{"allow":["GET"]}}],"collection":[{"href":"https:\/\/www.mg-projects.at\/crossmedia\/wp-json\/wp\/v2\/pages"}],"about":[{"href":"https:\/\/www.mg-projects.at\/crossmedia\/wp-json\/wp\/v2\/types\/page"}],"author":[{"embeddable":true,"href":"https:\/\/www.mg-projects.at\/crossmedia\/wp-json\/wp\/v2\/users\/1"}],"replies":[{"embeddable":true,"href":"https:\/\/www.mg-projects.at\/crossmedia\/wp-json\/wp\/v2\/comments?post=6466"}],"version-history":[{"count":5,"href":"https:\/\/www.mg-projects.at\/crossmedia\/wp-json\/wp\/v2\/pages\/6466\/revisions"}],"predecessor-version":[{"id":7573,"href":"https:\/\/www.mg-projects.at\/crossmedia\/wp-json\/wp\/v2\/pages\/6466\/revisions\/7573"}],"wp:attachment":[{"href":"https:\/\/www.mg-projects.at\/crossmedia\/wp-json\/wp\/v2\/media?parent=6466"}],"curies":[{"name":"wp","href":"https:\/\/api.w.org\/{rel}","templated":true}]}}